{"version":"1.0","provider_name":"PsicoPico","provider_url":"https:\/\/psicopico.com\/gl","author_name":"Redacci\u00f3n","author_url":"https:\/\/psicopico.com\/gl\/author\/redaccion\/","title":"(Espa\u00f1ol) Insomnio por ansiedad: s\u00edntomas y c\u00f3mo tratarlo - PsicoPico","type":"rich","width":600,"height":338,"html":"<blockquote class=\"wp-embedded-content\" data-secret=\"t6ITSDvegN\"><a href=\"https:\/\/psicopico.com\/gl\/insomnio-por-ansiedad-sintomas-y-como-tratarlo\/\">(Espa\u00f1ol) Insomnio por ansiedad: s\u00edntomas y c\u00f3mo tratarlo<\/a><\/blockquote><iframe sandbox=\"allow-scripts\" security=\"restricted\" src=\"https:\/\/psicopico.com\/gl\/insomnio-por-ansiedad-sintomas-y-como-tratarlo\/embed\/#?secret=t6ITSDvegN\" width=\"600\" height=\"338\" title=\"&#8220;(Espa\u00f1ol) Insomnio por ansiedad: s\u00edntomas y c\u00f3mo tratarlo&#8221; &#8212; PsicoPico\" data-secret=\"t6ITSDvegN\" frameborder=\"0\" marginwidth=\"0\" marginheight=\"0\" scrolling=\"no\" class=\"wp-embedded-content\"><\/iframe><script type=\"text\/javascript\">\n\/* <![CDATA[ *\/\n\/*! This file is auto-generated *\/\n!function(d,l){\"use strict\";l.querySelector&&d.addEventListener&&\"undefined\"!=typeof URL&&(d.wp=d.wp||{},d.wp.receiveEmbedMessage||(d.wp.receiveEmbedMessage=function(e){var t=e.data;if((t||t.secret||t.message||t.value)&&!\/[^a-zA-Z0-9]\/.test(t.secret)){for(var s,r,n,a=l.querySelectorAll('iframe[data-secret=\"'+t.secret+'\"]'),o=l.querySelectorAll('blockquote[data-secret=\"'+t.secret+'\"]'),c=new RegExp(\"^https?:$\",\"i\"),i=0;i<o.length;i++)o[i].style.display=\"none\";for(i=0;i<a.length;i++)s=a[i],e.source===s.contentWindow&&(s.removeAttribute(\"style\"),\"height\"===t.message?(1e3<(r=parseInt(t.value,10))?r=1e3:~~r<200&&(r=200),s.height=r):\"link\"===t.message&&(r=new URL(s.getAttribute(\"src\")),n=new URL(t.value),c.test(n.protocol))&&n.host===r.host&&l.activeElement===s&&(d.top.location.href=t.value))}},d.addEventListener(\"message\",d.wp.receiveEmbedMessage,!1),l.addEventListener(\"DOMContentLoaded\",function(){for(var e,t,s=l.querySelectorAll(\"iframe.wp-embedded-content\"),r=0;r<s.length;r++)(t=(e=s[r]).getAttribute(\"data-secret\"))||(t=Math.random().toString(36).substring(2,12),e.src+=\"#?secret=\"+t,e.setAttribute(\"data-secret\",t)),e.contentWindow.postMessage({message:\"ready\",secret:t},\"*\")},!1)))}(window,document);\n\/\/# sourceURL=https:\/\/psicopico.com\/wp-includes\/js\/wp-embed.min.js\n\/* ]]> *\/\n<\/script>\n","thumbnail_url":"https:\/\/psicopico.com\/wp-content\/uploads\/2026\/01\/therapy-10029718_1280.png","thumbnail_width":1280,"thumbnail_height":909,"description":"Esta noticia non est\u00e1 dispo\u00f1ible en galego&#8230;sent\u00edmolo. Proba en castel\u00e1n. Apertas! For the sake of viewer convenience, the content is shown below in the alternative language. You may click the link to switch the active language. \u00bfQu\u00e9 es el insomnio por ansiedad? El insomnio es uno de los problemas de sue\u00f1o m\u00e1s frecuentes y suele [&hellip;]"}